{"id":13,"date":"2017-01-12T14:42:37","date_gmt":"2017-01-12T13:42:37","guid":{"rendered":"http:\/\/derteibinger.at\/wordpress\/?page_id=13"},"modified":"2025-06-18T11:57:53","modified_gmt":"2025-06-18T09:57:53","slug":"derausbildner","status":"publish","type":"page","link":"https:\/\/derteibinger.at\/wordpress\/derausbildner\/","title":{"rendered":"der:Ausbildner"},"content":{"rendered":"<p><img data-attachment-id=\"54\" data-permalink=\"https:\/\/derteibinger.at\/wordpress\/derausbildner\/derausbildner_rgb\/\" data-orig-file=\"https:\/\/i0.wp.com\/derteibinger.at\/wordpress\/wp-content\/uploads\/2017\/01\/derAUSBILDNER_RGB.png?fit=190%2C23&amp;ssl=1\" data-orig-size=\"190,23\" data-comments-opened=\"1\" data-image-meta=\"{&quot;aperture&quot;:&quot;0&quot;,&quot;credit&quot;:&quot;&quot;,&quot;camera&quot;:&quot;&quot;,&quot;caption&quot;:&quot;&quot;,&quot;created_timestamp&quot;:&quot;0&quot;,&quot;copyright&quot;:&quot;&quot;,&quot;focal_length&quot;:&quot;0&quot;,&quot;iso&quot;:&quot;0&quot;,&quot;shutter_speed&quot;:&quot;0&quot;,&quot;title&quot;:&quot;&quot;,&quot;orientation&quot;:&quot;0&quot;}\" data-image-title=\"derAUSBILDNER_RGB\" data-image-description=\"\" data-image-caption=\"\" data-medium-file=\"https:\/\/i0.wp.com\/derteibinger.at\/wordpress\/wp-content\/uploads\/2017\/01\/derAUSBILDNER_RGB.png?fit=190%2C23&amp;ssl=1\" data-large-file=\"https:\/\/i0.wp.com\/derteibinger.at\/wordpress\/wp-content\/uploads\/2017\/01\/derAUSBILDNER_RGB.png?fit=190%2C23&amp;ssl=1\" loading=\"lazy\" class=\"size-full wp-image-54 aligncenter\" src=\"https:\/\/i0.wp.com\/derteibinger.at\/wordpress\/wp-content\/uploads\/2017\/01\/derAUSBILDNER_RGB.png?resize=190%2C23\" alt=\"\" width=\"190\" height=\"23\"  data-recalc-dims=\"1\"><\/p>\n<p style=\"text-align: center;\"><div id=\"metaslider-id-208\" style=\"max-width: 600px; margin: 0 auto;\" class=\"ml-slider-3-27-5 metaslider metaslider-flex metaslider-208 ml-slider\">\n    <div id=\"metaslider_container_208\">\n        <div id=\"metaslider_208\">\n            <ul aria-live=\"polite\" class=\"slides\">\n                <li style=\"display: block; width: 100%;\" class=\"slide-311 ms-image\"><img src=\"https:\/\/i0.wp.com\/derteibinger.at\/wordpress\/wp-content\/uploads\/2017\/01\/tafel.jpg?resize=600%2C300&#038;ssl=1\" height=\"300\" width=\"600\" alt=\"\" class=\"slider-208 slide-311\" data-recalc-dims=\"1\" \/><\/li>\n                <li style=\"display: none; width: 100%;\" class=\"slide-139 ms-image\"><img src=\"https:\/\/i0.wp.com\/derteibinger.at\/wordpress\/wp-content\/uploads\/2017\/01\/IMG_3721.jpg?resize=600%2C300&#038;ssl=1\" height=\"300\" width=\"600\" alt=\"\" class=\"slider-208 slide-139\" data-recalc-dims=\"1\" \/><\/li>\n                <li style=\"display: none; width: 100%;\" class=\"slide-138 ms-image\"><img src=\"https:\/\/i0.wp.com\/derteibinger.at\/wordpress\/wp-content\/uploads\/2017\/01\/IMAG1319.jpg?resize=600%2C300&#038;ssl=1\" height=\"300\" width=\"600\" alt=\"\" class=\"slider-208 slide-138\" data-recalc-dims=\"1\" \/><\/li>\n                <li style=\"display: none; width: 100%;\" class=\"slide-136 ms-image\"><img src=\"https:\/\/i0.wp.com\/derteibinger.at\/wordpress\/wp-content\/uploads\/2017\/01\/IMAG1120-1.jpg?resize=600%2C300&#038;ssl=1\" height=\"300\" width=\"600\" alt=\"\" class=\"slider-208 slide-136\" data-recalc-dims=\"1\" \/><\/li>\n            <\/ul>\n        <\/div>\n        \n    <\/div>\n<\/div><\/p>\n<p>Die Freude am Vermitteln von Wissen an Jung und Alt begleitet mich schon viele Jahre und hat mein Leben positiv beeinflusst.<\/p>\n<p><strong>Lehrt\u00e4tigkeit:<\/strong><\/p>\n<p>Unterricht und Lehre seit 2004 in den F\u00e4chern Bauphysik, Brandschutz, Holzbau, hygrothermische Simulationen, Detailausf\u00fchrung und Konstruktion sowie Gestaltung und Baukultur an folgenden Ausbildungsst\u00e4tten (aktueller Stand in alphabetischer Reihenfolge):<\/p>\n<ul>\n<li>Arch+Ing Akademie<\/li>\n<li>Donauuniversit\u00e4t Krems<\/li>\n<li>FH Salzburg<\/li>\n<li>HTL Wien 3 Camillo Sitte<\/li>\n<li>Technische Hochschule Augsburg<\/li>\n<li>Technische Universit\u00e4t Wien<\/li>\n<li>Technische Universit\u00e4t Graz<\/li>\n<\/ul>\n<p><strong>Schulungst\u00e4tigkeit:<\/strong><\/p>\n<p>Durchf\u00fchrung von Mitarbeiterschulungen zu den Schwerpunkten Bauphysik, Brandschutz, konstruktiver Holzbau, mehrgeschossige Holz- und Hybridbauweise und Schadensvermeidung im Holzbau. Die Schulungen werden individuell an Ihre Bed\u00fcrfnisse angepasst und k\u00f6nnen auch inhouse erfolgen.<\/p>\n<p>Zur Erweiterung des Know-hows sind Kooperationen mit Partnerunternehmen, wie z.B.<a href=\"http:\/\/www.fst.at\/\" target=\"_blank\" rel=\"noopener\"> FST Fire Safety Team GmbH<\/a>, <a href=\"http:\/\/www.hollinsky.at\/\" target=\"_blank\" rel=\"noopener\">Hollinsky &amp; Partner<\/a> und <a href=\"http:\/\/www.kurtpock.at\/\" target=\"_blank\" rel=\"noopener\">Ingenieurkonsulent Kurt Pock <\/a>m\u00f6glich.<\/p>\n<p>Auszug der Referenzliste:<\/p>\n<ul>\n<li>Mitarbeiterschulung bei der Fa. Holztechnik Graf GmbH in Horn zu dem Thema Brandschutz im Holzbau in Kooperation mit FST<\/li>\n<li>Mitarbeiterschulung bei der Fa. Poppensieker &amp; Derix GmbH &amp; Co, KG, D-Westerkappeln zu den Themen W\u00e4rmeschutz und Schallschutz<\/li>\n<li>Schulung der Mitarbeiter und der Fachplaner der Neuen Heimat Tirol in Innsbruck zu den Themen Brandschutz und Schallschutz<\/li>\n<li>Mitarbeiterschulung der Firma Haas Fertigbau Holzbauwerk GesmbH &amp; Co KG zu den Themen Bauphysik und Brandschutz in Kooperation mit dem bfi Steiermark<\/li>\n<li>Condetti-Workshop gemeinsam mit Robert Borsch-Laaks bei der Firma Sihga<\/li>\n<\/ul>\n<p>Dar\u00fcber hinaus war ich ma\u00dfgeblich an der inhaltlichen Gestaltung der beiden von der FFG gef\u00f6rderten Qualifizierungsverbundprojekte \u201ePhysik@Holzbau\u201c (2014 abgehalten f\u00fcr ober- und nieder\u00f6sterreichische Holzbauunternehmen) und \u201eMehrgeschossiger <a href=\"https:\/\/www.ecoplus.at\/interessiert-an\/cluster-kooperationen\/bauenergieumwelt-cluster-niederoesterreich\/\" target=\"_blank\" rel=\"noopener\">Holz- und Hybridbau<\/a>\u201c (2016 und 2017 abgehalten f\u00fcr nieder\u00f6sterreichische Unternehmen) beteiligt.<\/p>\n","protected":false},"excerpt":{"rendered":"<p>Die Freude am Vermitteln von Wissen an Jung und Alt begleitet mich schon viele Jahre und hat mein Leben positiv beeinflusst. Lehrt\u00e4tigkeit: Unterricht und Lehre seit 2004 in den F\u00e4chern Bauphysik, Brandschutz, Holzbau, hygrothermische Simulationen, Detailausf\u00fchrung und Konstruktion sowie Gestaltung &hellip; <a href=\"https:\/\/derteibinger.at\/wordpress\/derausbildner\/\">Weiterlesen <span class=\"meta-nav\">&rarr;<\/span><\/a><\/p>\n","protected":false},"author":2,"featured_media":0,"parent":0,"menu_order":0,"comment_status":"closed","ping_status":"closed","template":"","meta":{"ngg_post_thumbnail":0,"jetpack_post_was_ever_published":false},"jetpack_sharing_enabled":true,"jetpack_shortlink":"https:\/\/wp.me\/P8k7pI-d","jetpack-related-posts":[{"id":23,"url":"https:\/\/derteibinger.at\/wordpress\/derteibinger\/","url_meta":{"origin":13,"position":0},"title":"der:Teibinger","date":"12. Januar 2017","format":false,"excerpt":"Dipl.-Ing. Dr. Martin Teibinge E-Mail: office@derteibinger.at Telefon: 0043681 840 854 60 Ausbildung: 1992-1999\u00a0 BOKU Wien, Studienrichtung Holzwirtschaft 1997-1999\u00a0 TU Wien, Studienrichtung Bauingenieurwesen\u00a0Schwerpunkte: Holzbau, Stahlbau, Bauphysik, Bauschadensvermeidung 2002-2004\u00a0 Doktoratstudium an der TU Wien mit Auszeichnung abgeschlossen Beruflicher Werdegang: 1991-1996\u00a0 diverse Praktika im Bereich der holzverarbeitenden Industrie sowie bei Ingenieurb\u00fcros 1996-2016\u00a0 wissenschaftlicher\u2026","rel":"","context":"\u00c4hnlicher Beitrag","img":{"alt_text":"","src":"","width":0,"height":0},"classes":[]},{"id":19,"url":"https:\/\/derteibinger.at\/wordpress\/derfachautor\/","url_meta":{"origin":13,"position":1},"title":"der:Fachautor","date":"12. Januar 2017","format":false,"excerpt":"Neben der Ver\u00f6ffentlichung der Forschungsergebnisse in Forschungsberichten und Fachjournals ist es wichtig, die neuen Erkenntnisse aus der Forschung zusammen mit praktischen Erfahrungen aus der Gutachtert\u00e4tigkeit zielgruppengerecht zu ver\u00f6ffentlichen. Diesen Grundsatz setzte ich sowohl bei Planungsbrosch\u00fcren der Holzforschung Austria\u00a0und ProHolz als auch als Autor und Coautor bei Fachb\u00fcchern um.\u00a0 Im Laufe\u2026","rel":"","context":"\u00c4hnlicher Beitrag","img":{"alt_text":"","src":"","width":0,"height":0},"classes":[]},{"id":126,"url":"https:\/\/derteibinger.at\/wordpress\/dervortragende\/","url_meta":{"origin":13,"position":2},"title":"der:Vortragende","date":"12. Januar 2017","format":false,"excerpt":"Die Vortragst\u00e4tigkeit begleitet mich seit \u00fcber zwei Jahrzehnten. Mit Abwechslung, einer Spur Humor und jahrelanger Routine versuche ich meine Begeisterung dem Publikum zu vermitteln. Die Einladungen zu nationalen und internationalen Kongressen reichen von Alpbach \u00fcber Garmisch bis Tokio und Z\u00fcrich. Auszug von Vortr\u00e4gen auf Fachveranstaltungen (in alphabetischer Reihenfolge): Aachener Bausachverst\u00e4ndigentage:\u2026","rel":"","context":"\u00c4hnlicher Beitrag","img":{"alt_text":"","src":"","width":0,"height":0},"classes":[]},{"id":11,"url":"https:\/\/derteibinger.at\/wordpress\/dergutachter\/","url_meta":{"origin":13,"position":3},"title":"der:Gutachter","date":"12. Januar 2017","format":false,"excerpt":"Bausch\u00e4den k\u00f6nnen auftreten, wichtig ist es, so schnell wie m\u00f6glich die Ursachen aufzukl\u00e4ren und zu beseitigen. Als allgemein beeideter und gerichtlich zertifizierter Sachverst\u00e4ndiger unterst\u00fctze ich Sie neutral und unabh\u00e4ngig Schadensursachen herauszufinden und zu bewerten. Ich bin allgemein beeideter und gerichtlich zertifizierter Sachverst\u00e4ndiger f\u00fcr die Fachgebiete: 15 Holz, Holzverarbeitung \u2013 Zimmererarbeiten:\u2026","rel":"","context":"\u00c4hnlicher Beitrag","img":{"alt_text":"","src":"","width":0,"height":0},"classes":[]},{"id":37,"url":"https:\/\/derteibinger.at\/wordpress\/links\/","url_meta":{"origin":13,"position":4},"title":"Links","date":"12. Januar 2017","format":false,"excerpt":"Links Ausbildungsst\u00e4tten: Arch+Ing Akademie Donauuniversit\u00e4t Krems FH Salzburg HTL Wien 3 Camillo Sitte HTL Krems Technische Universit\u00e4t Wien Universit\u00e4t f\u00fcr Bodenkultur \u00dcberbau Akademie \u00a0 Forschungsinstitute- und Pr\u00fcfanstalten Akustik Center Austria Camillo Sitte Versuchsanstalt Holzforschung Austria \u00a0 Sonstige: Bau.Energie.Umwelt Cluster Nieder\u00f6sterreich Bauteilkatalog dataholz.com (Katalog bauphysikalisch, \u00f6kologisch gepr\u00fcfter und\/oder zugelassener Holz- und\u2026","rel":"","context":"\u00c4hnlicher Beitrag","img":{"alt_text":"","src":"","width":0,"height":0},"classes":[]},{"id":21,"url":"https:\/\/derteibinger.at\/wordpress\/dernetzwerker\/","url_meta":{"origin":13,"position":5},"title":"der:Netzwerker","date":"12. Januar 2017","format":false,"excerpt":"Im Laufe der T\u00e4tigkeit der letzten Jahre konnte ich ein gro\u00dfes Netzwerk zu nationalen und internationalen Fachexperten aufbauen. Ein Erfahrungsaustausch unter Experten unterschiedlichster Disziplinen erm\u00f6glicht eine effiziente L\u00f6sung komplexer Problemstellungen. Wissenschaftlich-Technische Arbeitsgemeinschaft f\u00fcr Bauwerkserhaltung und Denkmalpflege e.V. (WTA): Referat 6 Bauphysik AG 6.1: Feuchtetechnische Bemessung von Holzkonstruktion Mitgliedschaft: Hauptverband der\u2026","rel":"","context":"\u00c4hnlicher Beitrag","img":{"alt_text":"","src":"","width":0,"height":0},"classes":[]}],"_links":{"self":[{"href":"https:\/\/derteibinger.at\/wordpress\/wp-json\/wp\/v2\/pages\/13"}],"collection":[{"href":"https:\/\/derteibinger.at\/wordpress\/wp-json\/wp\/v2\/pages"}],"about":[{"href":"https:\/\/derteibinger.at\/wordpress\/wp-json\/wp\/v2\/types\/page"}],"author":[{"embeddable":true,"href":"https:\/\/derteibinger.at\/wordpress\/wp-json\/wp\/v2\/users\/2"}],"replies":[{"embeddable":true,"href":"https:\/\/derteibinger.at\/wordpress\/wp-json\/wp\/v2\/comments?post=13"}],"version-history":[{"count":22,"href":"https:\/\/derteibinger.at\/wordpress\/wp-json\/wp\/v2\/pages\/13\/revisions"}],"predecessor-version":[{"id":1216,"href":"https:\/\/derteibinger.at\/wordpress\/wp-json\/wp\/v2\/pages\/13\/revisions\/1216"}],"wp:attachment":[{"href":"https:\/\/derteibinger.at\/wordpress\/wp-json\/wp\/v2\/media?parent=13"}],"curies":[{"name":"wp","href":"https:\/\/api.w.org\/{rel}","templated":true}]}}